{"id":22,"date":"2020-11-24T11:23:51","date_gmt":"2020-11-24T10:23:51","guid":{"rendered":"http:\/\/aip-ing.fr\/?page_id=22"},"modified":"2023-08-10T12:45:45","modified_gmt":"2023-08-10T10:45:45","slug":"amo","status":"publish","type":"page","link":"https:\/\/aip-ing.fr\/index.php\/amo\/","title":{"rendered":"AMO"},"content":{"rendered":"\n<p><strong>L&#8217;assistance \u00e0 maitrise d&#8217;ouvrage a comme principale mission d&#8217;aider le Maitre d&#8217;ouvrage priv\u00e9 ou public.<\/strong><\/p>\n\n\n\n<p><strong>Nous permettons d&#8217;aider dans le suivi de son chantier et dans sa prise de d\u00e9cision propre \u00e0 la conception et \u00e0 la r\u00e9alisation de l&#8217;ouvrage<\/strong>.<\/p>\n\n\n\n<div class=\"wp-block-columns\">\n<div class=\"wp-block-column\">\n<h3>Notre cadre g\u00e9n\u00e9ral d&#8217;assistance \u00e0 maitrise d&#8217;ouvrage<\/h3>\n\n\n\n<ul><li>Aide \u00e0 la conception<\/li><li>Aide au d\u00e9p\u00f4t et au suivi des demandes d\u2019autorisations administratives<\/li><li>Montage et suivi des dossiers de demande d\u2019aide<\/li><li>Aide au choix des entreprises<\/li><li>Aide au montage d\u2019un planning<\/li><li>Pr\u00e9sence aux r\u00e9unions de chantier<\/li><li>Assistance durant la phase travaux<\/li><li>Aide \u00e0 la r\u00e9ception des travaux<\/li><\/ul>\n\n\n\n<h3>Nous garantissons<\/h3>\n\n\n\n<ul><li>L&#8217;apport des comp\u00e9tences et de l&#8217;expertise du Groupe AIP<\/li><li>D&#8217;assurer un suivi administratif, juridique et financier rigoureux<\/li><li>De piloter et mettre sous contr\u00f4le la maitrise d&#8217;oeuvre<\/li><li>La bonne traduction des besoins de la maitrise d&#8217;ouvrage<\/li><\/ul>\n<\/div>\n\n\n\n<div class=\"wp-block-column\">\n<h3>Notre organisation<\/h3>\n\n\n\n<p class=\"has-text-align-left\">Pour chaque op\u00e9ration notre \u00e9quipe est constitu\u00e9e :<\/p>\n\n\n\n<ul><li>D&#8217;un <strong>charg\u00e9 d&#8217;op\u00e9ration<\/strong> et son <strong>suppl\u00e9ant<\/strong> <\/li><li>D&#8217;une <strong>assistante administrative<\/strong> et sa<strong> suppl\u00e9ante<\/strong><\/li><li>D&#8217;une <strong>\u00e9quipe support<\/strong>&nbsp;<\/li><\/ul>\n\n\n\n<p>En plus des moyens humains, nous mettons en place une plateforme num\u00e9rique d&#8217;\u00e9changes d\u00e9di\u00e9e \u00e0 chaque projet<\/p>\n<\/div>\n<\/div>\n\n\n\n<p>Nos nombreuses <strong><a href=\"http:\/\/aip-ing.fr\/index.php\/qualifications\/\" target=\"_blank\" rel=\"noreferrer noopener\">qualifications<\/a><\/strong> nous permettent d&#8217;avoir un grand champs d&#8217;actions.<\/p>\n\n\n\n<div style=\"height:50px\" aria-hidden=\"true\" class=\"wp-block-spacer\"><\/div>\n\n\n\n<h2>FACILITY MANAGEMENT : Solution sur mesure <\/h2>\n\n\n\n<p>Le groupe AIP vous propose des solutions sur mesure dans le cadre de ses missions AMO pour compl\u00e9ter ou palier \u00e0 l&#8217;absence de personnel au sein de votre entreprise.<\/p>\n\n\n\n<div style=\"height:41px\" aria-hidden=\"true\" class=\"wp-block-spacer\"><\/div>\n\n\n\n<h2 id=\"amo1\">ASSISTANT ADMINISTRATIF ET JURIDIQUE<\/h2>\n\n\n\n<div style=\"height:50px\" aria-hidden=\"true\" class=\"wp-block-spacer\"><\/div>\n\n\n\n<div class=\"wp-block-columns\">\n<div class=\"wp-block-column\">\n<p>Nous vous <strong>assistons<\/strong> dans la consultation des professionnels et des tiers dans le cadre de vos projets.<\/p>\n\n\n\n<p>Le contenu et la qualit\u00e9 des missions assign\u00e9es aux entreprises consult\u00e9es ainsi que les conditions contractuelles \u00e0 int\u00e9grer sont des <strong>\u00e9l\u00e9ments complexes<\/strong> qui <strong>n\u00e9cessitent<\/strong> une approche <strong>technique<\/strong> et <strong><a href=\"https:\/\/a-i-p.fr\">architecturale<\/a><\/strong> appropri\u00e9es.<\/p>\n<\/div>\n\n\n\n<div class=\"wp-block-column\">\n<p><strong>Nous vous assistons sur diff\u00e9rents points<\/strong><\/p>\n\n\n\n<ul><li>Aide \u00e0 la contractualisation<\/li><li>Aide \u00e0 la passation et la gestion des march\u00e9s dans le cadre de march\u00e9 public ou priv\u00e9<\/li><li>Assistance sur la d\u00e9finition des budgets<\/li><li>Assistance sur le financement du projet<\/li><li>Assistance pour les d\u00e9marches de lab\u00e9lisation<\/li><\/ul>\n<\/div>\n<\/div>\n\n\n\n<div style=\"height:30px\" aria-hidden=\"true\" class=\"wp-block-spacer\"><\/div>\n\n\n\n<div style=\"height:100px\" aria-hidden=\"true\" class=\"wp-block-spacer\"><\/div>\n\n\n\n<div class=\"wp-block-columns\">\n<div class=\"wp-block-column\">\n<div class=\"wp-block-image\"><figure class=\"aligncenter size-medium\"><img loading=\"lazy\" width=\"250\" height=\"375\" src=\"http:\/\/aip-ing.fr\/wp-content\/uploads\/2021\/01\/portaits-AIP-couleurs-jpaquin-0121-78-250x375.jpg\" alt=\"\" class=\"wp-image-1182\" srcset=\"https:\/\/aip-ing.fr\/wp-content\/uploads\/2021\/01\/portaits-AIP-couleurs-jpaquin-0121-78-250x375.jpg 250w, https:\/\/aip-ing.fr\/wp-content\/uploads\/2021\/01\/portaits-AIP-couleurs-jpaquin-0121-78-120x180.jpg 120w, https:\/\/aip-ing.fr\/wp-content\/uploads\/2021\/01\/portaits-AIP-couleurs-jpaquin-0121-78.jpg 400w\" sizes=\"(max-width: 250px) 100vw, 250px\" \/><\/figure><\/div>\n\n\n\n<p class=\"has-text-align-center\"><strong>Ludiwine RIMBERT<\/strong><\/p>\n\n\n\n<p class=\"has-text-align-center\">RESPONSABLE ADMINISTRATIVE ET JURIDIQUE<\/p>\n\n\n\n<p class=\"has-text-align-center\">Depuis 15 ans au sein du Groupe AIP<\/p>\n<\/div>\n\n\n\n<div class=\"wp-block-column\">\n<div class=\"wp-block-image\"><figure class=\"aligncenter size-medium\"><img loading=\"lazy\" width=\"250\" height=\"375\" src=\"http:\/\/aip-ing.fr\/wp-content\/uploads\/2021\/01\/portaits-AIP-couleurs-jpaquin-0121-40-250x375.jpg\" alt=\"\" class=\"wp-image-1183\" srcset=\"https:\/\/aip-ing.fr\/wp-content\/uploads\/2021\/01\/portaits-AIP-couleurs-jpaquin-0121-40-250x375.jpg 250w, https:\/\/aip-ing.fr\/wp-content\/uploads\/2021\/01\/portaits-AIP-couleurs-jpaquin-0121-40-120x180.jpg 120w, https:\/\/aip-ing.fr\/wp-content\/uploads\/2021\/01\/portaits-AIP-couleurs-jpaquin-0121-40.jpg 400w\" sizes=\"(max-width: 250px) 100vw, 250px\" \/><\/figure><\/div>\n\n\n\n<p class=\"has-text-align-center\"><strong>Maryline PLICHON<\/strong><\/p>\n\n\n\n<p class=\"has-text-align-center\">DIRECTRICE ADMINISTRATIVE ET JURIDIQUE<\/p>\n\n\n\n<p class=\"has-text-align-center\">Depuis 26 ans au sein du Groupe AIP<\/p>\n<\/div>\n\n\n\n<div class=\"wp-block-column\">\n<div class=\"wp-block-image\"><figure class=\"aligncenter size-medium\"><img loading=\"lazy\" width=\"250\" height=\"375\" src=\"http:\/\/aip-ing.fr\/wp-content\/uploads\/2021\/01\/portraits-AIP-montreuil-couleurs-012021_JP-18-250x375.jpg\" alt=\"\" class=\"wp-image-1185\" srcset=\"https:\/\/aip-ing.fr\/wp-content\/uploads\/2021\/01\/portraits-AIP-montreuil-couleurs-012021_JP-18-250x375.jpg 250w, https:\/\/aip-ing.fr\/wp-content\/uploads\/2021\/01\/portraits-AIP-montreuil-couleurs-012021_JP-18-120x180.jpg 120w, https:\/\/aip-ing.fr\/wp-content\/uploads\/2021\/01\/portraits-AIP-montreuil-couleurs-012021_JP-18.jpg 400w\" sizes=\"(max-width: 250px) 100vw, 250px\" \/><\/figure><\/div>\n\n\n\n<p class=\"has-text-align-center\"><strong>Safia TAARICH<\/strong><\/p>\n\n\n\n<p>ADJOINTE ADMINISTRATIVE ET JURIDIQUE<\/p>\n\n\n\n<div style=\"height:18px\" aria-hidden=\"true\" class=\"wp-block-spacer\"><\/div>\n\n\n\n<p class=\"has-text-align-center\">Depuis 2 ans au sein du Groupe AIP<\/p>\n<\/div>\n<\/div>\n\n\n\n<div style=\"height:100px\" aria-hidden=\"true\" class=\"wp-block-spacer\"><\/div>\n\n\n\n<h2 id=\"amo2\">AMO CONCEPTION<\/h2>\n\n\n\n<div style=\"height:50px\" aria-hidden=\"true\" class=\"wp-block-spacer\"><\/div>\n\n\n\n<h3>Nous intervenons sur diff\u00e9rents points :<\/h3>\n\n\n\n<ul><li>Missions AMO dans le cadre de conception r\u00e9alisation<\/li><li>Missions AMO dans le cadre de maitrise d&#8217;oeuvre type loi MOP<\/li><li>Missions AMO dans le cadre de faisabilit\u00e9 de projet de r\u00e9habilitation et d&#8217;op\u00e9ration de neuf<\/li><li>Missions AMO dans le cadre d&#8217;accompagnement d&#8217;\u00e9tudes urbaines<\/li><\/ul>\n\n\n\n<div style=\"height:30px\" aria-hidden=\"true\" class=\"wp-block-spacer\"><\/div>\n\n\n\n<div class=\"wp-block-columns\">\n<div class=\"wp-block-column\">\n<div class=\"wp-block-image\"><figure class=\"aligncenter size-medium\"><img loading=\"lazy\" width=\"250\" height=\"375\" src=\"http:\/\/aip-ing.fr\/wp-content\/uploads\/2021\/01\/portaits-AIP-couleurs-jpaquin-0121-7-250x375.jpg\" alt=\"\" class=\"wp-image-1177\" srcset=\"https:\/\/aip-ing.fr\/wp-content\/uploads\/2021\/01\/portaits-AIP-couleurs-jpaquin-0121-7-250x375.jpg 250w, https:\/\/aip-ing.fr\/wp-content\/uploads\/2021\/01\/portaits-AIP-couleurs-jpaquin-0121-7-120x180.jpg 120w, https:\/\/aip-ing.fr\/wp-content\/uploads\/2021\/01\/portaits-AIP-couleurs-jpaquin-0121-7.jpg 400w\" sizes=\"(max-width: 250px) 100vw, 250px\" \/><\/figure><\/div>\n\n\n\n<p class=\"has-text-align-center\"><strong><strong>Claire LECUYER<\/strong><\/strong><\/p>\n\n\n\n<p class=\"has-text-align-center\">ARCHITECTE<\/p>\n\n\n\n<p class=\"has-text-align-center\">Depuis 18 ans au sein du Groupe AIP<\/p>\n<\/div>\n\n\n\n<div class=\"wp-block-column\">\n<div class=\"wp-block-image\"><figure class=\"aligncenter size-medium\"><img loading=\"lazy\" width=\"250\" height=\"375\" src=\"http:\/\/aip-ing.fr\/wp-content\/uploads\/2021\/01\/1-250x375.jpg\" alt=\"\" class=\"wp-image-1202\" srcset=\"https:\/\/aip-ing.fr\/wp-content\/uploads\/2021\/01\/1-250x375.jpg 250w, https:\/\/aip-ing.fr\/wp-content\/uploads\/2021\/01\/1-700x1050.jpg 700w, https:\/\/aip-ing.fr\/wp-content\/uploads\/2021\/01\/1-768x1152.jpg 768w, https:\/\/aip-ing.fr\/wp-content\/uploads\/2021\/01\/1-120x180.jpg 120w, https:\/\/aip-ing.fr\/wp-content\/uploads\/2021\/01\/1.jpg 1000w\" sizes=\"(max-width: 250px) 100vw, 250px\" \/><\/figure><\/div>\n\n\n\n<p class=\"has-text-align-center\"><strong>Eva Molina<\/strong><\/p>\n\n\n\n<p class=\"has-text-align-center\">ARCHITECTE<\/p>\n\n\n\n<p class=\"has-text-align-center\">Depuis 17 ans au sein du Groupe AIP<\/p>\n<\/div>\n<\/div>\n\n\n\n<div style=\"height:100px\" aria-hidden=\"true\" class=\"wp-block-spacer\"><\/div>\n\n\n\n<h2 id=\"amo3\">AMO CHANTIER<\/h2>\n\n\n\n<div style=\"height:50px\" aria-hidden=\"true\" class=\"wp-block-spacer\"><\/div>\n\n\n\n<div class=\"wp-block-columns\">\n<div class=\"wp-block-column\">\n<h3>Quality surveillance en phase d&#8217;ex\u00e9cution<\/h3>\n\n\n\n<p><strong>Vos Besoins \/ votre probl\u00e9matique<\/strong><\/p>\n\n\n\n<p>Vous devez vous assurer de la bonne ex\u00e9cution de votre programme.<\/p>\n\n\n\n<p>L\u2019intensit\u00e9, la fr\u00e9quence des contacts avec le Ma\u00eetre d\u2019\u0153uvre, les sujets techniques \u00e0 appr\u00e9hender requi\u00e8rent une assistance.<\/p>\n\n\n\n<p>Nous vous assistons pour veiller au bon d\u00e9roulement de l\u2019ex\u00e9cution du chantier organis\u00e9 par le Ma\u00eetre d\u2019\u0153uvre.<\/p>\n\n\n\n<p><strong>Nos solutions<\/strong><\/p>\n\n\n\n<p>Nous formulons des avis au Ma\u00eetre d\u2019ouvrage suite \u00e0 nos d\u00e9placements r\u00e9guliers sur site, sur :<\/p>\n\n\n\n<ul><li>La conformit\u00e9 des \u00e9tapes de r\u00e9alisation de travaux par r\u00e9f\u00e9rence<ul><li>\u00c0 la traduction des besoins de la MOA<\/li><li>Au cahier des charges<\/li><li>Au planning<\/li><li>\u00c0 l\u2019environnement g\u00e9n\u00e9ral du chantier et de ses avoisinants<\/li><\/ul><\/li><\/ul>\n\n\n\n<p><strong>Nous veillons<\/strong><\/p>\n\n\n\n<ul><li> Au suivi des notifications et des OS <\/li><li>\u00c0 l\u2019\u00e9tablissement d\u2019un planning financier pr\u00e9visionnel, suivi et ajust\u00e9 tout au long du projet<\/li><li> Au suivi des agr\u00e9ments de sous-traitants <\/li><li>\u00c0 la coh\u00e9rence des incidences financi\u00e8res en plus ou moins-value<\/li><li>Au pointage des situations de travaux pr\u00e9sent\u00e9es et que ces derni\u00e8res soient bien en rapport avec les avancements<\/li><li> Au bon d\u00e9roulement de l\u2019instruction du dossier amiante (SS4 &#8211; SS3 \u2013 diffusions \u2013 etc&#8230;) <\/li><li> \u00c0 la bonne gestion des d\u00e9chets de chantier de tous ordres <\/li><li> Aux retours des concessionnaires, des services urbains <\/li><li> Au bon suivi des choix et validation (\u00e9chantillons \u2013 prototype \u2013 t\u00e9moins \u2013 etc&#8230;) <\/li><li> Aux suivis des visas <\/li><li> Aux retours bureau de contr\u00f4le <\/li><li> Aux retours du CSPS (PGC &#8211; inspections communes &#8211; passages \u2013 tenue du RJ) <\/li><li> Au pointage des avancements et actions correctives \u00e9ventuelles <\/li><li> Au respect des dates cl\u00e9s, en particulier vis-\u00e0-vis du chemin critique du planning <\/li><li> Aux traitements des r\u00e9clamations <\/li><li> \u00c0 la planification et au suivi des OPR <\/li><li> \u00c0 la qualit\u00e9 des travaux ex\u00e9cut\u00e9s, et \u00e0 la mise en place des mesures correctives \u00e9ventuelles <\/li><li> Que les relations locataires et les occupants soient bien assur\u00e9es, \u00e0 savoir : <ul><li>\u00c9tat des lieux et programme travaux par logement<\/li><li>Planning rendez-vous et respect des dates de travaux<\/li><li>Traitement des r\u00e9clamations \u00e9ventuelles <\/li><li>Quitus d\u2019intervention, apr\u00e8s travaux et\/ou r\u00e9clamation<\/li><\/ul><\/li><li>Au suivi des avoisinants :<ul><li>relations avec les propri\u00e9taires des b\u00e2timents et domaines adjacents &#8211;<\/li><li>suivi des r\u00e9f\u00e9r\u00e9s pr\u00e9ventifs<\/li><li>relation avec les domaines publics<\/li><\/ul><\/li><\/ul>\n\n\n\n<p>Nous veillons notamment au suivi et au respect des mesures sanitaires li\u00e9es \u00e0 la crise COVID.<\/p>\n\n\n\n<p>Tout au long de l\u2019op\u00e9ration, nous informons le Ma\u00eetre d\u2019ouvrage de tous les \u00e9v\u00e9nements pouvant nuire au respect du programme, \u00e0 la qualit\u00e9 des op\u00e9rations, au respect des d\u00e9lais et \u00e0 l\u2019exploitation future du site.<\/p>\n\n\n\n<p><strong>R\u00e9sultats<\/strong><\/p>\n\n\n\n<p>Nous vous assistons pendant toute l\u2019ex\u00e9cution de votre programme.<\/p>\n<\/div>\n\n\n\n<div class=\"wp-block-column\">\n<h3>Assistance r\u00e9ception<\/h3>\n\n\n\n<p><strong>Vos Besoins \/ votre probl\u00e9matique<\/strong><\/p>\n\n\n\n<p>Cette phase est d\u00e9cisive car il s\u2019agit de l\u2019acte par lequel le ma\u00eetre de l&#8217;ouvrage d\u00e9clare accepter l&#8217;ouvrage avec ou sans r\u00e9serve.<\/p>\n\n\n\n<p>Elle suppose au pr\u00e9alable une phase de pr\u00e9paration rigoureuse.<br>Nous assistons vous pour r\u00e9ceptionner votre projet<\/p>\n\n\n\n<p><strong>Nos solutions<\/strong><\/p>\n\n\n\n<ul><li> Nous \u00e9tablissons avant la r\u00e9ception, une pr\u00e9synth\u00e8se sur la conformit\u00e9 de la construction \u00e0 la commande pass\u00e9e. <\/li><li> Nous accompagnons et assistons le Ma\u00eetre d\u2019ouvrage lors des op\u00e9rations de r\u00e9ception. <\/li><li> Nous assistons le Ma\u00eetre d\u2019ouvrage dans l\u2019appr\u00e9ciation des \u00e9ventuels d\u00e9sordres apparents. <\/li><li> Nous conseillons le Ma\u00eetre d\u2019ouvrage sur les \u00e9ventuelles r\u00e9factions \u00e0 appliquer. <\/li><li> Nous veillons au traitement et au suivi des lev\u00e9es de r\u00e9serves <\/li><li> Nous assistons le Ma\u00eetre d\u2019ouvrage dans l\u2019acceptation des PV de lev\u00e9es des r\u00e9serves. <\/li><li> Nous assurons le suivi du Bureau de Contr\u00f4le : pour l&#8217;obtention du RFCT sans r\u00e9serve <\/li><li> Nous regroupons les documents de conformit\u00e9 (consuels \/ qualigaz \/ pv d\u2019essais \/ etc) <\/li><li> Nous veillons \u00e0 la r\u00e9daction du DIUO par le CSPS <\/li><li> Nous veillons \u00e0 la production du dossier fin de chantier amiante et \u00e0 la mise \u00e0 jour des DTA <\/li><li> Nous veillons au suivi des validations du DOE <\/li><\/ul>\n\n\n\n<p><strong>R\u00e9sultats<\/strong><\/p>\n\n\n\n<p>Nous vous assistons pour r\u00e9ceptionner votre projet<\/p>\n\n\n\n<p>Cette phase met fin \u00e0 l\u2019ex\u00e9cution des travaux, celle-ci peut \u00eatre assortie de r\u00e9serves, dont le suivi de traitement sera assur\u00e9 par nos soins.<\/p>\n\n\n\n<div style=\"height:12px\" aria-hidden=\"true\" class=\"wp-block-spacer\"><\/div>\n\n\n\n<h3>Parfait ach\u00e8vement<\/h3>\n\n\n\n<p><strong>Vos Besoins \/ votre probl\u00e9matique<\/strong><\/p>\n\n\n\n<p>Vous avez r\u00e9ceptionn\u00e9 votre projet.<\/p>\n\n\n\n<p>L\u2019ann\u00e9e de parfait ach\u00e8vement est d\u00e9cisive car il s\u2019agit de bien appr\u00e9cier le fonctionnement et la durabilit\u00e9 des ouvrages r\u00e9alis\u00e9s.<\/p>\n\n\n\n<p>C&#8217;est une garantie l\u00e9gale permettant au ma\u00eetre d&#8217;ouvrage d&#8217;obtenir la r\u00e9paration des d\u00e9sordres subis \u00e0 l&#8217;issue d&#8217;un chantier. Elle s&#8217;impose \u00e0&nbsp;&#8220;tous les d\u00e9sordres signal\u00e9s au cours de l&#8217;ann\u00e9e qui suit la r\u00e9ception des travaux&#8221;.<\/p>\n\n\n\n<p>Nous assistons le Ma\u00eetre d\u2019Ouvrage durant l\u2019ann\u00e9e de parfait ach\u00e8vement.<\/p>\n\n\n\n<p><strong>Nos solutions<\/strong><\/p>\n\n\n\n<ul><li> Nous aidons \u00e0 \u00e9tablir entre la MOA et les acteurs du chantier tous les liens de communication et de tra\u00e7abilit\u00e9, visant au traitement des dysfonctionnements apparaissant \u00e0 l\u2019issue du chantier <\/li><li> Nous assistons le Ma\u00eetre d\u2019ouvrage dans l\u2019appr\u00e9ciation des \u00e9ventuels vices apparents. <\/li><li> Nous accompagnons et assistons le Ma\u00eetre d\u2019ouvrage lors des arbitrages. <\/li><li> Nous veillons au traitement des lev\u00e9es de r\u00e9serves <\/li><li> Nous organisons des r\u00e9unions GPA au cours de l\u2019ann\u00e9e, avec les utilisateurs et les acteurs du chantier <\/li><li> Nous conseillons le Ma\u00eetre d\u2019ouvrage sur les \u00e9ventuelles r\u00e9factions \u00e0 appliquer. <\/li><li> Nous assistons le Ma\u00eetre d\u2019ouvrage dans l\u2019acceptation de la main lev\u00e9e de cautions. <\/li><\/ul>\n\n\n\n<p><strong>R\u00e9sultats<\/strong><\/p>\n\n\n\n<p>Vous \u00eates assist\u00e9s, durant l\u2019ann\u00e9e de parfait ach\u00e8vement, au bon fonctionnement au sens large du b\u00e2timent r\u00e9habilit\u00e9.<\/p>\n<\/div>\n<\/div>\n\n\n\n<div style=\"height:30px\" aria-hidden=\"true\" class=\"wp-block-spacer\"><\/div>\n\n\n\n<div class=\"wp-block-columns\">\n<div class=\"wp-block-column\">\n<div class=\"wp-block-image is-style-default\"><figure class=\"aligncenter size-medium\"><img loading=\"lazy\" width=\"250\" height=\"375\" src=\"http:\/\/aip-ing.fr\/wp-content\/uploads\/2021\/01\/portaits-AIP-couleurs-jpaquin-0121-79-250x375.jpg\" alt=\"\" class=\"wp-image-1187\" srcset=\"https:\/\/aip-ing.fr\/wp-content\/uploads\/2021\/01\/portaits-AIP-couleurs-jpaquin-0121-79-250x375.jpg 250w, https:\/\/aip-ing.fr\/wp-content\/uploads\/2021\/01\/portaits-AIP-couleurs-jpaquin-0121-79-120x180.jpg 120w, https:\/\/aip-ing.fr\/wp-content\/uploads\/2021\/01\/portaits-AIP-couleurs-jpaquin-0121-79.jpg 400w\" sizes=\"(max-width: 250px) 100vw, 250px\" \/><\/figure><\/div>\n\n\n\n<p class=\"has-text-align-center\">DIRECTEUR DE TRAVAUX<\/p>\n\n\n\n<p class=\"has-text-align-center\"><strong>Pascal FRITZ<\/strong><\/p>\n\n\n\n<p class=\"has-text-align-center\">Depuis 26 ans au sein du Groupe AIP<\/p>\n<\/div>\n\n\n\n<div class=\"wp-block-column\">\n<div class=\"wp-block-image is-style-default\"><figure class=\"aligncenter size-medium\"><img loading=\"lazy\" width=\"250\" height=\"375\" src=\"http:\/\/aip-ing.fr\/wp-content\/uploads\/2021\/01\/portraits-AIP-montreuil-couleurs-012021_JP-34-250x375.jpg\" alt=\"\" class=\"wp-image-1188\" srcset=\"https:\/\/aip-ing.fr\/wp-content\/uploads\/2021\/01\/portraits-AIP-montreuil-couleurs-012021_JP-34-250x375.jpg 250w, https:\/\/aip-ing.fr\/wp-content\/uploads\/2021\/01\/portraits-AIP-montreuil-couleurs-012021_JP-34-120x180.jpg 120w, https:\/\/aip-ing.fr\/wp-content\/uploads\/2021\/01\/portraits-AIP-montreuil-couleurs-012021_JP-34.jpg 400w\" sizes=\"(max-width: 250px) 100vw, 250px\" \/><\/figure><\/div>\n\n\n\n<p class=\"has-text-align-center\">DIRECTRICE DE TRAVAUX<\/p>\n\n\n\n<p class=\"has-text-align-center\"><strong><strong>Aur\u00e9lie JEAN-LOUIS<\/strong><\/strong><\/p>\n\n\n\n<p class=\"has-text-align-center\">Depuis 8 ans au sein du Groupe AIP<\/p>\n<\/div>\n\n\n\n<div class=\"wp-block-column\">\n<div class=\"wp-block-image is-style-default\"><figure class=\"aligncenter size-medium\"><img loading=\"lazy\" width=\"250\" height=\"375\" src=\"http:\/\/aip-ing.fr\/wp-content\/uploads\/2021\/01\/portaits-AIP-couleurs-jpaquin-0121-92-250x375.jpg\" alt=\"\" class=\"wp-image-1189\" srcset=\"https:\/\/aip-ing.fr\/wp-content\/uploads\/2021\/01\/portaits-AIP-couleurs-jpaquin-0121-92-250x375.jpg 250w, https:\/\/aip-ing.fr\/wp-content\/uploads\/2021\/01\/portaits-AIP-couleurs-jpaquin-0121-92-120x180.jpg 120w, https:\/\/aip-ing.fr\/wp-content\/uploads\/2021\/01\/portaits-AIP-couleurs-jpaquin-0121-92.jpg 400w\" sizes=\"(max-width: 250px) 100vw, 250px\" \/><\/figure><\/div>\n\n\n\n<p class=\"has-text-align-center\">DIRECTEUR DE TRAVAUX<\/p>\n\n\n\n<p class=\"has-text-align-center\"><strong>Gaetan PELTIER<\/strong><\/p>\n\n\n\n<p class=\"has-text-align-center\">Depuis 12 ans au sein du Groupe AIP<\/p>\n<\/div>\n<\/div>\n\n\n\n<div class=\"wp-block-columns\">\n<div class=\"wp-block-column\">\n<div class=\"wp-block-image is-style-default\"><figure class=\"aligncenter size-medium\"><img loading=\"lazy\" width=\"250\" height=\"375\" src=\"http:\/\/aip-ing.fr\/wp-content\/uploads\/2021\/01\/portraits-AIP-HB-couleurs-012021_JP-85-250x375.jpg\" alt=\"\" class=\"wp-image-1175\" srcset=\"https:\/\/aip-ing.fr\/wp-content\/uploads\/2021\/01\/portraits-AIP-HB-couleurs-012021_JP-85-250x375.jpg 250w, https:\/\/aip-ing.fr\/wp-content\/uploads\/2021\/01\/portraits-AIP-HB-couleurs-012021_JP-85-120x180.jpg 120w, https:\/\/aip-ing.fr\/wp-content\/uploads\/2021\/01\/portraits-AIP-HB-couleurs-012021_JP-85.jpg 400w\" sizes=\"(max-width: 250px) 100vw, 250px\" \/><\/figure><\/div>\n\n\n\n<p class=\"has-text-align-center\">DIRECTEUR DE TRAVAUX<\/p>\n\n\n\n<p class=\"has-text-align-center\"><strong>Frederic DUCROCQ<\/strong><\/p>\n\n\n\n<p class=\"has-text-align-center\">Depuis 4 ans au sein du Groupe AIP<\/p>\n<\/div>\n\n\n\n<div class=\"wp-block-column\"><\/div>\n\n\n\n<div class=\"wp-block-column\"><\/div>\n<\/div>\n\n\n\n<div style=\"height:100px\" aria-hidden=\"true\" class=\"wp-block-spacer\"><\/div>\n\n\n\n<h2 id=\"amo4\">AMO THERMIQUE \/ ENVIRONNEMENT<\/h2>\n\n\n\n<div style=\"height:50px\" aria-hidden=\"true\" class=\"wp-block-spacer\"><\/div>\n\n\n\n<p>Le groupe AIP via son partenaire <a href=\"http:\/\/be-thermiclim.fr\" target=\"_blank\" rel=\"noreferrer noopener\">ThermiClim<\/a> peut vous proposer des missions environnementales.<\/p>\n\n\n\n<p>Notre \u00e9quipe AMO vous accompagne de la conception\/programmation jusqu&#8217;\u00e0 la phase de la mise en service exploitation&nbsp;<\/p>\n\n\n\n<p>Nous r\u00e9alisons faisabilit\u00e9\/diagnostic\/audit \u00e9nerg\u00e9tique<\/p>\n\n\n\n<ul><li>Accompagnement mise en place des certifications et de lab\u00e9lisation<\/li><li>Missions de commissionnement<\/li><\/ul>\n\n\n\n<p>Nous r\u00e9alisons des missions AMO dans le cadre de contrat de performance \u00e9nerg\u00e9tique&nbsp;<\/p>\n\n\n\n<div style=\"height:30px\" aria-hidden=\"true\" class=\"wp-block-spacer\"><\/div>\n\n\n\n<div class=\"wp-block-columns\">\n<div class=\"wp-block-column\">\n<div class=\"wp-block-image\"><figure class=\"aligncenter size-medium\"><img loading=\"lazy\" width=\"250\" height=\"375\" src=\"http:\/\/aip-ing.fr\/wp-content\/uploads\/2021\/01\/portaits-AIP-couleurs-jpaquin-0121-45-250x375.jpg\" alt=\"\" class=\"wp-image-1192\" srcset=\"https:\/\/aip-ing.fr\/wp-content\/uploads\/2021\/01\/portaits-AIP-couleurs-jpaquin-0121-45-250x375.jpg 250w, https:\/\/aip-ing.fr\/wp-content\/uploads\/2021\/01\/portaits-AIP-couleurs-jpaquin-0121-45-120x180.jpg 120w, https:\/\/aip-ing.fr\/wp-content\/uploads\/2021\/01\/portaits-AIP-couleurs-jpaquin-0121-45.jpg 400w\" sizes=\"(max-width: 250px) 100vw, 250px\" \/><\/figure><\/div>\n\n\n\n<p class=\"has-text-align-center\"><strong>Romain ROUBLIQUE<\/strong><\/p>\n\n\n\n<p class=\"has-text-align-center\">DIRECTEUR TECHNIQUE<\/p>\n\n\n\n<p class=\"has-text-align-center\">Depuis 26 ans au sein du Groupe AIP<\/p>\n<\/div>\n\n\n\n<div class=\"wp-block-column\">\n<div class=\"wp-block-image\"><figure class=\"aligncenter size-medium\"><img loading=\"lazy\" width=\"250\" height=\"375\" src=\"http:\/\/aip-ing.fr\/wp-content\/uploads\/2021\/01\/portaits-AIP-couleurs-jpaquin-0121-170-250x375.jpg\" alt=\"\" class=\"wp-image-1194\" srcset=\"https:\/\/aip-ing.fr\/wp-content\/uploads\/2021\/01\/portaits-AIP-couleurs-jpaquin-0121-170-250x375.jpg 250w, https:\/\/aip-ing.fr\/wp-content\/uploads\/2021\/01\/portaits-AIP-couleurs-jpaquin-0121-170-120x180.jpg 120w, https:\/\/aip-ing.fr\/wp-content\/uploads\/2021\/01\/portaits-AIP-couleurs-jpaquin-0121-170.jpg 400w\" sizes=\"(max-width: 250px) 100vw, 250px\" \/><\/figure><\/div>\n\n\n\n<p class=\"has-text-align-center\"><strong>Fettah ZELAG <\/strong><\/p>\n\n\n\n<p class=\"has-text-align-center\">CHARG\u00c9 D&#8217;AFFAIRE FLUIDE \/ THERMIQUE<\/p>\n\n\n\n<p class=\"has-text-align-center\">Depuis 4 ans au sein du Groupe AIP<\/p>\n<\/div>\n\n\n\n<div class=\"wp-block-column\">\n<div class=\"wp-block-image\"><figure class=\"aligncenter size-medium\"><img loading=\"lazy\" width=\"250\" height=\"375\" src=\"http:\/\/aip-ing.fr\/wp-content\/uploads\/2021\/01\/portraits-AIP-montreuil-couleurs-012021_JP-61-250x375.jpg\" alt=\"\" class=\"wp-image-1195\" srcset=\"https:\/\/aip-ing.fr\/wp-content\/uploads\/2021\/01\/portraits-AIP-montreuil-couleurs-012021_JP-61-250x375.jpg 250w, https:\/\/aip-ing.fr\/wp-content\/uploads\/2021\/01\/portraits-AIP-montreuil-couleurs-012021_JP-61-120x180.jpg 120w, https:\/\/aip-ing.fr\/wp-content\/uploads\/2021\/01\/portraits-AIP-montreuil-couleurs-012021_JP-61.jpg 400w\" sizes=\"(max-width: 250px) 100vw, 250px\" \/><\/figure><\/div>\n\n\n\n<p class=\"has-text-align-center\"><strong>Guillaume B\u00c9NARD<\/strong><\/p>\n\n\n\n<p class=\"has-text-align-center\">CHARG\u00c9 D&#8217;AFFAIRE FLUIDE \/ THERMIQUE<\/p>\n\n\n\n<p class=\"has-text-align-center\">Depuis 14 ans au sein du Groupe AIP<\/p>\n<\/div>\n<\/div>\n\n\n\n<div style=\"height:100px\" aria-hidden=\"true\" class=\"wp-block-spacer\"><\/div>\n\n\n\n<h2 id=\"amo5\">AMO AMIANTE \/ PLOMB<\/h2>\n\n\n\n<div style=\"height:50px\" aria-hidden=\"true\" class=\"wp-block-spacer\"><\/div>\n\n\n\n<p>Nous b\u00e9n\u00e9ficions de l&#8217;expertise en mati\u00e8re d&#8217;amiante&nbsp;<\/p>\n\n\n\n<p>L&#8217;ensemble du groupe AIP est form\u00e9 \u00e0 l&#8217;amiante, nous pouvons r\u00e9aliser des missions AMO Amiantes dans le cadre :<\/p>\n\n\n\n<div class=\"wp-block-columns\">\n<div class=\"wp-block-column\">\n<p class=\"has-text-align-center\"><strong>AMO Conception<\/strong><\/p>\n<\/div>\n\n\n\n<div class=\"wp-block-column\">\n<p class=\"has-text-align-center\"><strong>AMO R\u00e9alisation<\/strong>&nbsp;<\/p>\n<\/div>\n<\/div>\n\n\n\n<p>Qualification Pollution, qualit\u00e9 de l&#8217;environnement et sant\u00e9. Maitrise d&#8217;oeuvre d\u00e9samiantage &nbsp; &nbsp; &nbsp;&nbsp;<\/p>\n\n\n\n<div class=\"wp-block-image\"><figure class=\"aligncenter size-medium\"><img loading=\"lazy\" width=\"250\" height=\"167\" src=\"http:\/\/aip-ing.fr\/wp-content\/uploads\/2020\/12\/logo-opqibi-aiping-250x167.jpg\" alt=\"\" class=\"wp-image-178\" srcset=\"https:\/\/aip-ing.fr\/wp-content\/uploads\/2020\/12\/logo-opqibi-aiping-250x167.jpg 250w, https:\/\/aip-ing.fr\/wp-content\/uploads\/2020\/12\/logo-opqibi-aiping-700x467.jpg 700w, https:\/\/aip-ing.fr\/wp-content\/uploads\/2020\/12\/logo-opqibi-aiping-768x512.jpg 768w, https:\/\/aip-ing.fr\/wp-content\/uploads\/2020\/12\/logo-opqibi-aiping-120x80.jpg 120w, https:\/\/aip-ing.fr\/wp-content\/uploads\/2020\/12\/logo-opqibi-aiping.jpg 1063w\" sizes=\"(max-width: 250px) 100vw, 250px\" \/><\/figure><\/div>\n\n\n\n<div style=\"height:30px\" aria-hidden=\"true\" class=\"wp-block-spacer\"><\/div>\n\n\n\n<div class=\"wp-block-columns\">\n<div class=\"wp-block-column\">\n<div class=\"wp-block-image\"><figure class=\"aligncenter size-medium\"><img loading=\"lazy\" width=\"250\" height=\"375\" src=\"http:\/\/aip-ing.fr\/wp-content\/uploads\/2021\/01\/portaits-AIP-couleurs-jpaquin-0121-92-250x375.jpg\" alt=\"\" class=\"wp-image-1189\" srcset=\"https:\/\/aip-ing.fr\/wp-content\/uploads\/2021\/01\/portaits-AIP-couleurs-jpaquin-0121-92-250x375.jpg 250w, https:\/\/aip-ing.fr\/wp-content\/uploads\/2021\/01\/portaits-AIP-couleurs-jpaquin-0121-92-120x180.jpg 120w, https:\/\/aip-ing.fr\/wp-content\/uploads\/2021\/01\/portaits-AIP-couleurs-jpaquin-0121-92.jpg 400w\" sizes=\"(max-width: 250px) 100vw, 250px\" \/><\/figure><\/div>\n\n\n\n<p class=\"has-text-align-center\"><strong>Gaetan PELTIER<br><\/strong>DIRECTEUR DE TRAVAUX<\/p>\n\n\n\n<p class=\"has-text-align-center\">Depuis 12 ans au sein du Groupe AIP<\/p>\n<\/div>\n\n\n\n<div class=\"wp-block-column\">\n<div class=\"wp-block-image\"><figure class=\"aligncenter size-medium\"><img loading=\"lazy\" width=\"250\" height=\"375\" src=\"http:\/\/aip-ing.fr\/wp-content\/uploads\/2021\/01\/portaits-AIP-couleurs-jpaquin-0121-79-250x375.jpg\" alt=\"\" class=\"wp-image-1187\" srcset=\"https:\/\/aip-ing.fr\/wp-content\/uploads\/2021\/01\/portaits-AIP-couleurs-jpaquin-0121-79-250x375.jpg 250w, https:\/\/aip-ing.fr\/wp-content\/uploads\/2021\/01\/portaits-AIP-couleurs-jpaquin-0121-79-120x180.jpg 120w, https:\/\/aip-ing.fr\/wp-content\/uploads\/2021\/01\/portaits-AIP-couleurs-jpaquin-0121-79.jpg 400w\" sizes=\"(max-width: 250px) 100vw, 250px\" \/><\/figure><\/div>\n\n\n\n<p class=\"has-text-align-center\"><strong>Pascal FRITZ<br><\/strong>DIRECTEUR DE TRAVAUX<\/p>\n\n\n\n<p class=\"has-text-align-center\">Depuis 26 ans au sein du Groupe AIP<\/p>\n<\/div>\n<\/div>\n\n\n\n<div style=\"height:100px\" aria-hidden=\"true\" class=\"wp-block-spacer\"><\/div>\n\n\n\n<h2 id=\"amo6\">AMO BIM<\/h2>\n\n\n\n<div style=\"height:50px\" aria-hidden=\"true\" class=\"wp-block-spacer\"><\/div>\n\n\n\n<p>Convaincu des bienfaits du num\u00e9rique dans le b\u00e2timent la collaboration entre Maitre d&#8217;Ouvrage et notre structure est riche et efficace.&nbsp;<\/p>\n\n\n\n<p>En lien direct avec nos \u00e9quipes <a href=\"http:\/\/bimarchi.tech\"><strong>BIMARCHI.TECH<\/strong><\/a>, ainsi que nos diff\u00e9rents collaborateurs form\u00e9s au BIM, nous vous accompagnons au mieux.<\/p>\n\n\n\n<p>R\u00e9compens\u00e9 d&#8217;un <strong><a href=\"https:\/\/www.google.com\/url?sa=t&amp;rct=j&amp;q=&amp;esrc=s&amp;source=web&amp;cd=&amp;ved=2ahUKEwjhrb7ltITuAhULmRoKHS8lC-kQFjAAegQIAxAC&amp;url=https%3A%2F%2Fa-i-p.fr%2F2020%2F09%2F22%2Fbim-dor-2020%2F&amp;usg=AOvVaw3es4hC4J6-dSxZZY0VdrX9\">BIM D&#8217;ARGENT<\/a><\/strong> en 2020 nous pouvons d&#8217;ores et d\u00e9j\u00e0 nous appuyer sur exp\u00e9rience valoris\u00e9e.<\/p>\n\n\n\n<p>Nous vous accompagnons sur :<\/p>\n\n\n\n<ul><li>La r\u00e9daction du cahier des charges<\/li><li>Les choix du MOA et des entreprises<\/li><li>La qualit\u00e9 des maquettes<\/li><li>La transition num\u00e9rique<\/li><\/ul>\n\n\n\n<h3>Bim Management<\/h3>\n\n\n\n<ul><li>Audit<\/li><li>Convention BIM<\/li><li>Mise en place d&#8217;une plateforme collaborative <\/li><li>Suivi des entreprises et des plans d&#8217;ex\u00e9cution <\/li><\/ul>\n\n\n\n<p><\/p>\n\n\n\n<div style=\"height:30px\" aria-hidden=\"true\" class=\"wp-block-spacer\"><\/div>\n\n\n\n<div class=\"wp-block-columns\">\n<div class=\"wp-block-column\">\n<div class=\"wp-block-image\"><figure class=\"aligncenter size-medium\"><img loading=\"lazy\" width=\"250\" height=\"375\" src=\"https:\/\/aip-ing.fr\/wp-content\/uploads\/2023\/08\/Marina-Jocobelli-250x375.jpg\" alt=\"\" class=\"wp-image-1909\" srcset=\"https:\/\/aip-ing.fr\/wp-content\/uploads\/2023\/08\/Marina-Jocobelli-250x375.jpg 250w, https:\/\/aip-ing.fr\/wp-content\/uploads\/2023\/08\/Marina-Jocobelli-700x1050.jpg 700w, https:\/\/aip-ing.fr\/wp-content\/uploads\/2023\/08\/Marina-Jocobelli-768x1152.jpg 768w, https:\/\/aip-ing.fr\/wp-content\/uploads\/2023\/08\/Marina-Jocobelli-120x180.jpg 120w, https:\/\/aip-ing.fr\/wp-content\/uploads\/2023\/08\/Marina-Jocobelli.jpg 1000w\" sizes=\"(max-width: 250px) 100vw, 250px\" \/><\/figure><\/div>\n\n\n\n<p class=\"has-text-align-center\"><strong>Marina JACOBELLI<\/strong><\/p>\n\n\n\n<p class=\"has-text-align-center\">ARCHITECTE &#8211; BIM COORDINATRICE<\/p>\n\n\n\n<p class=\"has-text-align-center\">Depuis 4 ans au sein du Groupe AIP<\/p>\n<\/div>\n\n\n\n<div class=\"wp-block-column\">\n<div class=\"wp-block-image\"><figure class=\"aligncenter size-medium\"><img loading=\"lazy\" width=\"250\" height=\"375\" src=\"https:\/\/aip-ing.fr\/wp-content\/uploads\/2023\/08\/Amandine-Huve-250x375.jpg\" alt=\"\" class=\"wp-image-1911\" srcset=\"https:\/\/aip-ing.fr\/wp-content\/uploads\/2023\/08\/Amandine-Huve-250x375.jpg 250w, https:\/\/aip-ing.fr\/wp-content\/uploads\/2023\/08\/Amandine-Huve-700x1050.jpg 700w, https:\/\/aip-ing.fr\/wp-content\/uploads\/2023\/08\/Amandine-Huve-768x1152.jpg 768w, https:\/\/aip-ing.fr\/wp-content\/uploads\/2023\/08\/Amandine-Huve-120x180.jpg 120w, https:\/\/aip-ing.fr\/wp-content\/uploads\/2023\/08\/Amandine-Huve.jpg 1000w\" sizes=\"(max-width: 250px) 100vw, 250px\" \/><\/figure><\/div>\n\n\n\n<p class=\"has-text-align-center\"><strong>Amandine HUV\u00c9<\/strong><\/p>\n\n\n\n<p class=\"has-text-align-center\">ARCHITECTE &#8211; BIM COORDINATRICE<\/p>\n\n\n\n<p class=\"has-text-align-center\">Depuis 14 ans au sein du Groupe AIP<\/p>\n<\/div>\n<\/div>\n\n\n\n<div style=\"height:100px\" aria-hidden=\"true\" class=\"wp-block-spacer\"><\/div>\n\n\n\n<h2 id=\"amo7\">AMO GESTION DES SINISTRES<\/h2>\n\n\n\n<div style=\"height:50px\" aria-hidden=\"true\" class=\"wp-block-spacer\"><\/div>\n\n\n\n<div class=\"wp-block-columns\">\n<div class=\"wp-block-column\">\n<h3>Assistance aux contentieux<\/h3>\n\n\n\n<p>Lors d&#8217;un sinistre de construction <strong>nous d\u00e9fendons vos int\u00e9r\u00eats<\/strong> dans le cadre d&#8217;une proc\u00e9dure judiciaire. La complexit\u00e9 du d\u00e9sordre construction n\u00e9cessite une assistance technique.<\/p>\n\n\n\n<p>Nous proc\u00e9dons \u00e0 une <strong>analyse<\/strong> de la situation, <strong>inspectons<\/strong> le site au regard des dommages constat\u00e9s.<\/p>\n\n\n\n<p>Nous d\u00e9terminons l&#8217;origine des d\u00e9g\u00e2ts et des pr\u00e9judices qui en d\u00e9coulent.<\/p>\n\n\n\n<p>Apr\u00e8s avoir trouv\u00e9 des <strong>solutions de r\u00e9parations<\/strong> en tenant compte des diff\u00e9rentes contraintes du client, nous proc\u00e9dons au <strong>chiffrage&nbsp;<\/strong>de chaque solutions.<\/p>\n\n\n\n<p>Gr\u00e2ce \u00e0 notre d\u00e9marche, vous optimisez la gestion de votre contentieux, am\u00e9liorez la d\u00e9fense de vos int\u00e9r\u00eats et des perspectives d&#8217;indemnisation<\/p>\n<\/div>\n\n\n\n<div class=\"wp-block-column\">\n<h3>Assistance d\u00e9claration de sinistres<\/h3>\n\n\n\n<p>Dans votre condition de propri\u00e9taire, d&#8217;investisseur ou de gestionnaire d&#8217;actifs immobiliers, vous d\u00e9clarez r\u00e9guli\u00e8rement des sinistres affectant vos immeubles.<\/p>\n\n\n\n<p>Une grande majorit\u00e9 des d\u00e9clarations de sinistres <strong>n&#8217;aboutisse pas \u00e0 une indemnisation<\/strong>.<\/p>\n\n\n\n<p>D\u00e9clarer un sinistre est un exercice qui <strong>ne peut s&#8217;improviser<\/strong>.<\/p>\n\n\n\n<p>Afin d&#8217;optimiser la d\u00e9claration, nous respectons avec m\u00e9thode les \u00e9tapes successives ci-apr\u00e8s :<\/p>\n\n\n\n<p class=\"has-text-align-left\"><strong>ANALYSER<\/strong> le contexte juridique et technique <\/p>\n\n\n\n<p><strong>CONSTATER<\/strong> et identifier le caract\u00e8re d\u00e9cennal du d\u00e9sordre<\/p>\n\n\n\n<p><strong>R\u00c9DIGER<\/strong> avec pr\u00e9cision la d\u00e9claration de sinistre<\/p>\n\n\n\n<p><strong>ANTICIPER<\/strong> et pr\u00e9parer la premi\u00e8re r\u00e9union d&#8217;expertise<\/p>\n\n\n\n<p><strong>SOUTENIR<\/strong> et motiver la d\u00e9claration \u00e0 l&#8217;occasion de la premi\u00e8re r\u00e9union d&#8217;expertise<\/p>\n\n\n\n<p>Vous \u00eates assist\u00e9s dans cette \u00e9tape d\u00e9terminante de la gestion de votre d\u00e9sordre.<br>La qualit\u00e9 et la pertinence de la d\u00e9claration effectu\u00e9e sont des facteurs clefs de succ\u00e8s pour votre future indemnisation.<\/p>\n<\/div>\n<\/div>\n\n\n\n<div style=\"height:30px\" aria-hidden=\"true\" class=\"wp-block-spacer\"><\/div>\n\n\n\n<div class=\"wp-block-columns\">\n<div class=\"wp-block-column\">\n<div class=\"wp-block-image\"><figure class=\"aligncenter size-medium\"><img loading=\"lazy\" width=\"250\" height=\"375\" src=\"http:\/\/aip-ing.fr\/wp-content\/uploads\/2021\/01\/portaits-AIP-couleurs-jpaquin-0121-79-250x375.jpg\" alt=\"\" class=\"wp-image-1187\" srcset=\"https:\/\/aip-ing.fr\/wp-content\/uploads\/2021\/01\/portaits-AIP-couleurs-jpaquin-0121-79-250x375.jpg 250w, https:\/\/aip-ing.fr\/wp-content\/uploads\/2021\/01\/portaits-AIP-couleurs-jpaquin-0121-79-120x180.jpg 120w, https:\/\/aip-ing.fr\/wp-content\/uploads\/2021\/01\/portaits-AIP-couleurs-jpaquin-0121-79.jpg 400w\" sizes=\"(max-width: 250px) 100vw, 250px\" \/><\/figure><\/div>\n\n\n\n<p class=\"has-text-align-center\"><strong>Pascal FRITZ<\/strong><\/p>\n\n\n\n<p class=\"has-text-align-center\">DIRECTEUR DE TRAVAUX<\/p>\n\n\n\n<p class=\"has-text-align-center\">Depuis 26 ans au sein du Groupe AIP<\/p>\n<\/div>\n\n\n\n<div class=\"wp-block-column\">\n<div class=\"wp-block-image\"><figure class=\"aligncenter size-medium\"><img loading=\"lazy\" width=\"250\" height=\"375\" src=\"http:\/\/aip-ing.fr\/wp-content\/uploads\/2021\/01\/portaits-AIP-couleurs-jpaquin-0121-78-250x375.jpg\" alt=\"\" class=\"wp-image-1182\" srcset=\"https:\/\/aip-ing.fr\/wp-content\/uploads\/2021\/01\/portaits-AIP-couleurs-jpaquin-0121-78-250x375.jpg 250w, https:\/\/aip-ing.fr\/wp-content\/uploads\/2021\/01\/portaits-AIP-couleurs-jpaquin-0121-78-120x180.jpg 120w, https:\/\/aip-ing.fr\/wp-content\/uploads\/2021\/01\/portaits-AIP-couleurs-jpaquin-0121-78.jpg 400w\" sizes=\"(max-width: 250px) 100vw, 250px\" \/><\/figure><\/div>\n\n\n\n<p class=\"has-text-align-center\"><strong>Ludiwine RIMBERT<\/strong><\/p>\n\n\n\n<p class=\"has-text-align-center\">RESPONSABLE ADMINISTRATIVE ET JURIDIQUE<\/p>\n\n\n\n<p class=\"has-text-align-center\">Depuis 15 ans au sein du Groupe AIP<\/p>\n<\/div>\n<\/div>\n\n\n\n<div class=\"wp-block-buttons\">\n<div class=\"wp-block-button\"><a class=\"wp-block-button__link\" href=\"http:\/\/aip-ing.fr\/index.php\/contact\/\">Nous contacter <\/a><\/div>\n<\/div>\n\n\n\n<div id=\"category-strip\">\n\t\t\t<ul id=\"projet-lateral-menu\">\n\t\t\t\t<a href=\"#amo1\"><li class=\"projet-menu\">Assistant adminstratif et juridique<\/li><\/a>\n\t\t\t\t<a href=\"#amo2\"><li class=\"projet-menu\">AMO Conception<\/li><\/a>\n\t\t\t\t<a href=\"#amo3\"><li class=\"projet-menu\">AMO Chantier<\/li><\/a>\n\t\t\t\t<a href=\"#amo4\"><li class=\"projet-menu\">AMO Thermique \/ Environnement<\/li><\/a>\n\t\t\t\t<a href=\"#amo5\"><li class=\"projet-menu\">AMO Amiante \/ Plomb<\/li><\/a>\n\t\t\t\t<a href=\"#amo6\"><li class=\"projet-menu\">AMO BIM<\/li><\/a>\n\t\t\t\t<a href=\"#amo7\"><li class=\"projet-menu\">AMO Gestion des sinistres<\/li><\/a>\n\t\t\t<\/ul>\n\t\t<\/div>\n\n\n\n<p><\/p>\n","protected":false},"excerpt":{"rendered":"L&#8217;assistance \u00e0 maitrise d&#8217;ouvrage a comme principale mission d&#8217;aider le Maitre d&#8217;ouvrage priv\u00e9 ou public. Nous permettons d&#8217;aider dans le suivi de son chantier et dans sa prise de d\u00e9cision propre \u00e0 la conception et \u00e0 la r\u00e9alisation de l&#8217;ouvrage. Notre cadre g\u00e9n\u00e9ral d&#8217;assistance \u00e0 maitrise d&#8217;ouvrage Aide \u00e0 la conception Aide au d\u00e9p\u00f4t et&#8230; <a class=\"view-article\" href=\"https:\/\/aip-ing.fr\/index.php\/amo\/\">View Article<\/a>","protected":false},"author":1,"featured_media":0,"parent":0,"menu_order":0,"comment_status":"closed","ping_status":"closed","template":"","meta":[],"yoast_head":"<!-- This site is optimized with the Yoast SEO plugin v15.4 - https:\/\/yoast.com\/wordpress\/plugins\/seo\/ -->\n<meta name=\"robots\" content=\"index, follow, max-snippet:-1, max-image-preview:large, max-video-preview:-1\" \/>\n<link rel=\"canonical\" href=\"https:\/\/aip-ing.fr\/index.php\/amo\/\" \/>\n<meta property=\"og:locale\" content=\"en_US\" \/>\n<meta property=\"og:type\" content=\"article\" \/>\n<meta property=\"og:title\" content=\"AMO - AIP ING\" \/>\n<meta property=\"og:description\" content=\"L&#8217;assistance \u00e0 maitrise d&#8217;ouvrage a comme principale mission d&#8217;aider le Maitre d&#8217;ouvrage priv\u00e9 ou public. Nous permettons d&#8217;aider dans le suivi de son chantier et dans sa prise de d\u00e9cision propre \u00e0 la conception et \u00e0 la r\u00e9alisation de l&#8217;ouvrage. Notre cadre g\u00e9n\u00e9ral d&#8217;assistance \u00e0 maitrise d&#8217;ouvrage Aide \u00e0 la conception Aide au d\u00e9p\u00f4t et... View Article\" \/>\n<meta property=\"og:url\" content=\"https:\/\/aip-ing.fr\/index.php\/amo\/\" \/>\n<meta property=\"og:site_name\" content=\"AIP ING\" \/>\n<meta property=\"article:modified_time\" content=\"2023-08-10T10:45:45+00:00\" \/>\n<meta property=\"og:image\" content=\"http:\/\/aip-ing.fr\/wp-content\/uploads\/2021\/01\/portaits-AIP-couleurs-jpaquin-0121-78-250x375.jpg\" \/>\n<meta name=\"twitter:card\" content=\"summary_large_image\" \/>\n<meta name=\"twitter:label1\" content=\"Written by\">\n\t<meta name=\"twitter:data1\" content=\"admin5537\">\n\t<meta name=\"twitter:label2\" content=\"Est. reading time\">\n\t<meta name=\"twitter:data2\" content=\"8 minutes\">\n<script type=\"application\/ld+json\" class=\"yoast-schema-graph\">{\"@context\":\"https:\/\/schema.org\",\"@graph\":[{\"@type\":\"WebSite\",\"@id\":\"https:\/\/aip-ing.fr\/#website\",\"url\":\"https:\/\/aip-ing.fr\/\",\"name\":\"AIP ING\",\"description\":\"Ing\\u00e9nierie &amp; AMO\",\"potentialAction\":[{\"@type\":\"SearchAction\",\"target\":\"https:\/\/aip-ing.fr\/?s={search_term_string}\",\"query-input\":\"required name=search_term_string\"}],\"inLanguage\":\"en-US\"},{\"@type\":\"ImageObject\",\"@id\":\"https:\/\/aip-ing.fr\/index.php\/amo\/#primaryimage\",\"inLanguage\":\"en-US\",\"url\":\"http:\/\/aip-ing.fr\/wp-content\/uploads\/2021\/01\/portaits-AIP-couleurs-jpaquin-0121-78-250x375.jpg\"},{\"@type\":\"WebPage\",\"@id\":\"https:\/\/aip-ing.fr\/index.php\/amo\/#webpage\",\"url\":\"https:\/\/aip-ing.fr\/index.php\/amo\/\",\"name\":\"AMO - AIP ING\",\"isPartOf\":{\"@id\":\"https:\/\/aip-ing.fr\/#website\"},\"primaryImageOfPage\":{\"@id\":\"https:\/\/aip-ing.fr\/index.php\/amo\/#primaryimage\"},\"datePublished\":\"2020-11-24T10:23:51+00:00\",\"dateModified\":\"2023-08-10T10:45:45+00:00\",\"inLanguage\":\"en-US\",\"potentialAction\":[{\"@type\":\"ReadAction\",\"target\":[\"https:\/\/aip-ing.fr\/index.php\/amo\/\"]}]}]}<\/script>\n<!-- \/ Yoast SEO plugin. -->","_links":{"self":[{"href":"https:\/\/aip-ing.fr\/index.php\/wp-json\/wp\/v2\/pages\/22"}],"collection":[{"href":"https:\/\/aip-ing.fr\/index.php\/wp-json\/wp\/v2\/pages"}],"about":[{"href":"https:\/\/aip-ing.fr\/index.php\/wp-json\/wp\/v2\/types\/page"}],"author":[{"embeddable":true,"href":"https:\/\/aip-ing.fr\/index.php\/wp-json\/wp\/v2\/users\/1"}],"replies":[{"embeddable":true,"href":"https:\/\/aip-ing.fr\/index.php\/wp-json\/wp\/v2\/comments?post=22"}],"version-history":[{"count":331,"href":"https:\/\/aip-ing.fr\/index.php\/wp-json\/wp\/v2\/pages\/22\/revisions"}],"predecessor-version":[{"id":1912,"href":"https:\/\/aip-ing.fr\/index.php\/wp-json\/wp\/v2\/pages\/22\/revisions\/1912"}],"wp:attachment":[{"href":"https:\/\/aip-ing.fr\/index.php\/wp-json\/wp\/v2\/media?parent=22"}],"curies":[{"name":"wp","href":"https:\/\/api.w.org\/{rel}","templated":true}]}}